{"id":41,"date":"2015-09-18T08:41:39","date_gmt":"2015-09-18T06:41:39","guid":{"rendered":"https:\/\/elektroschulz.com\/?page_id=41"},"modified":"2026-03-30T11:52:08","modified_gmt":"2026-03-30T09:52:08","slug":"ueber-uns","status":"publish","type":"page","link":"https:\/\/elektroschulz.com\/?page_id=41","title":{"rendered":"\u00dcber uns"},"content":{"rendered":"[vc_row tablet_fullwidth_cols=&#8220;&#8220; center_row=&#8220;&#8220;][vc_column width=&#8220;1\/4&#8243;][vc_custom_heading text=&#8220;Uwe Schulz&#8220; google_fonts=&#8220;font_family:PT%20Sans%3Aregular%2Citalic%2C700%2C700italic|font_style:400%20regular%3A400%3Anormal&#8220;][vc_column_text]<span style=\"color: #808080;\">Gesch\u00e4ftsf\u00fchrer, Meister f\u00fcr Radio- und Fernsehtechnik, schulz@elektroschulz.com<\/span>[\/vc_column_text][\/vc_column][vc_column width=&#8220;1\/4&#8243;][\/vc_column][vc_column width=&#8220;1\/4&#8243;][\/vc_column][\/vc_row][vc_row tablet_fullwidth_cols=&#8220;&#8220; center_row=&#8220;&#8220;][vc_column]<div class=\"vcex-spacing\" style=\"height:30px\"><\/div>[vc_separator]<div class=\"vcex-spacing\" style=\"height:30px\"><\/div>[\/vc_column][\/vc_row][vc_row][vc_column width=&#8220;1\/4&#8243;][vc_custom_heading text=&#8220;Rainer Kater&#8220; google_fonts=&#8220;font_family:PT%20Sans%3Aregular%2Citalic%2C700%2C700italic|font_style:400%20regular%3A400%3Anormal&#8220; enqueue_font_style=&#8220;&#8220;][vc_column_text]<span style=\"color: #808080;\">Radio- und Fernsehtechniker, Verkauf, kater@elektroschulz.com<\/span>[\/vc_column_text][\/vc_column][vc_column width=&#8220;1\/4&#8243;][vc_custom_heading text=&#8220;Ralf Lachendro&#8220; google_fonts=&#8220;font_family:PT%20Sans%3Aregular%2Citalic%2C700%2C700italic|font_style:400%20regular%3A400%3Anormal&#8220; enqueue_font_style=&#8220;&#8220;][vc_column_text]<span style=\"color: #808080;\">Radio- und Fernsehtechniker, lachendro@elektroschulz.com<\/span>[\/vc_column_text][\/vc_column][vc_column width=&#8220;1\/4&#8243;][vc_custom_heading text=&#8220;Oliver Schwaldt&#8220; google_fonts=&#8220;font_family:PT%20Sans%3Aregular%2Citalic%2C700%2C700italic|font_style:400%20regular%3A400%3Anormal&#8220; enqueue_font_style=&#8220;&#8220;][vc_column_text]<span style=\"color: #808080;\">Kommunikationstechniker, schwaldt@elektroschulz.com<\/span>[\/vc_column_text][\/vc_column][\/vc_row][vc_row tablet_fullwidth_cols=&#8220;&#8220; center_row=&#8220;&#8220;][vc_column]<div class=\"vcex-spacing\" style=\"height:30px\"><\/div>[vc_separator]<div class=\"vcex-spacing\" style=\"height:30px\"><\/div>[\/vc_column][\/vc_row][vc_row tablet_fullwidth_cols=&#8220;&#8220; center_row=&#8220;&#8220;][vc_column width=&#8220;1\/4&#8243;][vc_custom_heading text=&#8220;Agnes Sidyk&#8220; google_fonts=&#8220;font_family:PT%20Sans%3Aregular%2Citalic%2C700%2C700italic|font_style:400%20regular%3A400%3Anormal&#8220; enqueue_font_style=&#8220;&#8220;][vc_column_text]<span style=\"color: #808080;\">Verkauf,<br \/>\nsidyk@elektroschulz.com<br \/>\n<\/span>[\/vc_column_text][\/vc_column][\/vc_row][vc_row tablet_fullwidth_cols=&#8220;&#8220; center_row=&#8220;&#8220;][vc_column]<div class=\"vcex-spacing\" style=\"height:30px\"><\/div>[vc_separator]<div class=\"vcex-spacing\" style=\"height:30px\"><\/div>[\/vc_column][\/vc_row][vc_row tablet_fullwidth_cols=&#8220;&#8220; center_row=&#8220;&#8220;][vc_column width=&#8220;1\/4&#8243;][vc_custom_heading text=&#8220;Ingo Seffer&#8220; google_fonts=&#8220;font_family:PT%20Sans%3Aregular%2Citalic%2C700%2C700italic|font_style:400%20regular%3A400%3Anormal&#8220; enqueue_font_style=&#8220;&#8220;][vc_column_text]<span style=\"color: #808080;\">K\u00fcchenfachverk\u00e4ufer,<br \/>\nkuechenstudio@elektroschulz.com<\/span>[\/vc_column_text][\/vc_column][vc_column width=&#8220;1\/4&#8243;][\/vc_column][vc_column width=&#8220;1\/4&#8243;][\/vc_column][\/vc_row][vc_row tablet_fullwidth_cols=&#8220;&#8220; center_row=&#8220;&#8220;][vc_column]<div class=\"vcex-spacing\" style=\"height:30px\"><\/div>[vc_separator]<div class=\"vcex-spacing\" style=\"height:30px\"><\/div>[\/vc_column][\/vc_row][vc_row tablet_fullwidth_cols=&#8220;&#8220; center_row=&#8220;&#8220;][vc_column width=&#8220;1\/4&#8243;][vc_custom_heading text=&#8220;Petra Fricke&#8220; google_fonts=&#8220;font_family:PT%20Sans%3Aregular%2Citalic%2C700%2C700italic|font_style:400%20regular%3A400%3Anormal&#8220; enqueue_font_style=&#8220;&#8220;][vc_column_text]<span style=\"color: #808080;\">Warenannahme, Einkauf, fricke@elektroschulz.com<\/span>[\/vc_column_text][\/vc_column][vc_column width=&#8220;1\/4&#8243;][vc_custom_heading text=&#8220;Jacquelyn Franz-Andre&#8220; google_fonts=&#8220;font_family:PT%20Sans%3Aregular%2Citalic%2C700%2C700italic|font_style:400%20regular%3A400%3Anormal&#8220; enqueue_font_style=&#8220;&#8220;][vc_column_text]<span style=\"color: #808080;\">Rechnungswesen, franz@elektroschulz.com<\/span>[\/vc_column_text][\/vc_column][vc_column width=&#8220;1\/4&#8243;][\/vc_column][\/vc_row][vc_row tablet_fullwidth_cols=&#8220;&#8220; center_row=&#8220;&#8220;][vc_column]<div class=\"vcex-spacing\" style=\"height:30px\"><\/div>[vc_separator]<div class=\"vcex-spacing\" style=\"height:30px\"><\/div>[\/vc_column][\/vc_row][vc_row tablet_fullwidth_cols=&#8220;&#8220; center_row=&#8220;&#8220;][vc_column width=&#8220;1\/4&#8243;][vc_custom_heading text=&#8220;Ralf Depping&#8220; google_fonts=&#8220;font_family:PT%20Sans%3Aregular%2Citalic%2C700%2C700italic|font_style:400%20regular%3A400%3Anormal&#8220; enqueue_font_style=&#8220;&#8220;][vc_column_text]<span style=\"color: #808080;\">Meister f\u00fcr Energie und Geb\u00e4udetechnik, Kundendienst, depping@elektroschulz.com<\/span>[\/vc_column_text][\/vc_column][vc_column width=&#8220;1\/4&#8243;][\/vc_column][vc_column width=&#8220;1\/4&#8243;][\/vc_column][\/vc_row][vc_row tablet_fullwidth_cols=&#8220;&#8220; center_row=&#8220;&#8220;][vc_column]<div class=\"vcex-spacing\" style=\"height:30px\"><\/div>[vc_separator]<div class=\"vcex-spacing\" style=\"height:30px\"><\/div>[\/vc_column][\/vc_row][vc_row tablet_fullwidth_cols=&#8220;&#8220; center_row=&#8220;&#8220;][vc_column width=&#8220;1\/4&#8243;][vc_custom_heading text=&#8220;Orlando Natale&#8220; google_fonts=&#8220;font_family:PT%20Sans%3Aregular%2Citalic%2C700%2C700italic|font_style:400%20regular%3A400%3Anormal&#8220; enqueue_font_style=&#8220;&#8220;][vc_column_text color=&#8220;#808080&#8243;]Elektroniker f\u00fcr Energie- und Geb\u00e4udetechnik,<br \/>\nnatale@elektroschulz.com[\/vc_column_text][\/vc_column][vc_column width=&#8220;1\/4&#8243;][vc_custom_heading text=&#8220;Carsten Steding&#8220; google_fonts=&#8220;font_family:PT%20Sans%3Aregular%2Citalic%2C700%2C700italic|font_style:400%20regular%3A400%3Anormal&#8220; enqueue_font_style=&#8220;&#8220;][vc_column_text color=&#8220;#808080&#8243;]Elektroniker f\u00fcr Energie- und Geb\u00e4udetechnik,<br \/>\nsteding@elektroschulz.com[\/vc_column_text][\/vc_column][vc_column width=&#8220;1\/4&#8243;][vc_custom_heading text=&#8220;Dominik Wolynez&#8220; google_fonts=&#8220;font_family:PT%20Sans%3Aregular%2Citalic%2C700%2C700italic|font_style:400%20regular%3A400%3Anormal&#8220;][vc_column_text color=&#8220;#808080&#8243;]<span style=\"color: #808080;\">Elektroniker f\u00fcr Energie -und Geb\u00e4udetechnik<br \/>\nwolynez@elektroschulz.com<\/span>[\/vc_column_text][\/vc_column][\/vc_row][vc_row tablet_fullwidth_cols=&#8220;&#8220; center_row=&#8220;&#8220;][vc_column]<div class=\"vcex-spacing\" style=\"height:30px\"><\/div>[vc_separator]<div class=\"vcex-spacing\" style=\"height:30px\"><\/div>[\/vc_column][\/vc_row][vc_row][vc_column width=&#8220;1\/4&#8243;][vc_custom_heading text=&#8220;Martin Luger&#8220; google_fonts=&#8220;font_family:PT%20Sans%3Aregular%2Citalic%2C700%2C700italic|font_style:400%20regular%3A400%3Anormal&#8220;][vc_column_text]Auszubildender zum Elektroniker f\u00fcr Energie- und Geb\u00e4udetechnik[\/vc_column_text][\/vc_column][vc_column width=&#8220;1\/4&#8243;][vc_custom_heading text=&#8220;Tristan Klausing&#8220; google_fonts=&#8220;font_family:PT%20Sans%3Aregular%2Citalic%2C700%2C700italic|font_style:400%20regular%3A400%3Anormal&#8220;][vc_column_text]Auszubildender zum Elektroniker f\u00fcr Energie- und Geb\u00e4udetechnik[\/vc_column_text][\/vc_column][vc_column width=&#8220;1\/4&#8243;][vc_custom_heading text=&#8220;Phillip Putzka&#8220; google_fonts=&#8220;font_family:PT%20Sans%3Aregular%2Citalic%2C700%2C700italic|font_style:400%20regular%3A400%3Anormal&#8220;][vc_column_text]Auszubildender zum Elektroniker f\u00fcr Energie- und Geb\u00e4udetechnik[\/vc_column_text][\/vc_column][\/vc_row][vc_row][vc_column][vc_separator]<div class=\"vcex-spacing\" style=\"height:30px\"><\/div><div class=\"vcex-spacing\" style=\"height:30px\"><\/div><div class=\"vcex-spacing\" style=\"height:30px\"><\/div>[vc_custom_heading text=&#8220;Historie&#8220; font_container=&#8220;tag:h2|text_align:left|color:%23085394&#8243; use_theme_fonts=&#8220;yes&#8220;][vc_separator]<div class=\"vcex-spacing\" style=\"height:30px\"><\/div>[vc_column_text]Die Wurzeln der heutigen Firma Elektro Schulz GmbH datieren aus dem Jahre 1993 durch \u00dcbernahme der bereits 1935 in Hessisch Oldendorf gegr\u00fcndeten Firma Elektro Sch\u00e4fer und dessen Nachfolger Wilhelm Siegmann in der Langenstra\u00dfe 44-46 durch Herrn Uwe Schulz.<\/p>\n<p>1999 erfolgte dann nach einer aufwendigen Sanierung des ehemaligen Bahnhofsgeb\u00e4udes von Hessisch Oldendorf der Umzug in die heutigen R\u00e4umlichkeiten in der Bahnhofsallee 12.[\/vc_column_text][\/vc_column][vc_column][\/vc_column][\/vc_row]\n","protected":false},"excerpt":{"rendered":"<p>[vc_row tablet_fullwidth_cols=&#8220;&#8220; center_row=&#8220;&#8220;][vc_column width=&#8220;1\/4&#8243;][vc_custom_heading text=&#8220;Uwe Schulz&#8220; google_fonts=&#8220;font_family:PT%20Sans%3Aregular%2Citalic%2C700%2C700italic|font_style:400%20regular%3A400%3Anormal&#8220;][vc_column_text]Gesch\u00e4ftsf\u00fchrer, Meister f\u00fcr Radio- und Fernsehtechnik, schulz@elektroschulz.com[\/vc_column_text][\/vc_column][vc_column width=&#8220;1\/4&#8243;][\/vc_column][vc_column width=&#8220;1\/4&#8243;][\/vc_column][\/vc_row][vc_row tablet_fullwidth_cols=&#8220;&#8220; center_row=&#8220;&#8220;][vc_column][vc_separator][\/vc_column][\/vc_row][vc_row][vc_column width=&#8220;1\/4&#8243;][vc_custom_heading text=&#8220;Rainer Kater&#8220; google_fonts=&#8220;font_family:PT%20Sans%3Aregular%2Citalic%2C700%2C700italic|font_style:400%20regular%3A400%3Anormal&#8220; enqueue_font_style=&#8220;&#8220;][vc_column_text]Radio- und Fernsehtechniker, Verkauf, kater@elektroschulz.com[\/vc_column_text][\/vc_column][vc_column width=&#8220;1\/4&#8243;][vc_custom_heading text=&#8220;Ralf Lachendro&#8220; google_fonts=&#8220;font_family:PT%20Sans%3Aregular%2Citalic%2C700%2C700italic|font_style:400%20regular%3A400%3Anormal&#8220; enqueue_font_style=&#8220;&#8220;][vc_column_text]Radio- und Fernsehtechniker, lachendro@elektroschulz.com[\/vc_column_text][\/vc_column][vc_column width=&#8220;1\/4&#8243;][vc_custom_heading text=&#8220;Oliver Schwaldt&#8220; google_fonts=&#8220;font_family:PT%20Sans%3Aregular%2Citalic%2C700%2C700italic|font_style:400%20regular%3A400%3Anormal&#8220; enqueue_font_style=&#8220;&#8220;][vc_column_text]Kommunikationstechniker, schwaldt@elektroschulz.com[\/vc_column_text][\/vc_column][\/vc_row][vc_row&hellip;<\/p>\n","protected":false},"author":1,"featured_media":0,"parent":0,"menu_order":22,"comment_status":"closed","ping_status":"closed","template":"","meta":[],"yoast_head":"<!-- This site is optimized with the Yoast SEO plugin v21.8 - https:\/\/yoast.com\/wordpress\/plugins\/seo\/ -->\n<title>\u00dcber uns - Elektro Schulz<\/title>\n<meta name=\"description\" content=\"Kompetente Fachkr\u00e4fte, tolles Team und gute Beratung \u2013 Bei Elektro Schulz sind Sie richtig!\" \/>\n<meta name=\"robots\" content=\"index, follow, max-snippet:-1, max-image-preview:large, max-video-preview:-1\" \/>\n<link rel=\"canonical\" href=\"https:\/\/elektroschulz.com\/?page_id=41\" \/>\n<meta property=\"og:locale\" content=\"de_DE\" \/>\n<meta property=\"og:type\" content=\"article\" \/>\n<meta property=\"og:title\" content=\"\u00dcber uns - Elektro Schulz\" \/>\n<meta property=\"og:description\" content=\"Kompetente Fachkr\u00e4fte, tolles Team und gute Beratung \u2013 Bei Elektro Schulz sind Sie richtig!\" \/>\n<meta property=\"og:url\" content=\"https:\/\/elektroschulz.com\/?page_id=41\" \/>\n<meta property=\"og:site_name\" content=\"Elektro Schulz\" \/>\n<meta property=\"article:modified_time\" content=\"2026-03-30T09:52:08+00:00\" \/>\n<meta name=\"twitter:card\" content=\"summary_large_image\" \/>\n<meta name=\"twitter:label1\" content=\"Gesch\u00e4tzte Lesezeit\" \/>\n\t<meta name=\"twitter:data1\" content=\"2\u00a0Minuten\" \/>\n<script type=\"application\/ld+json\" class=\"yoast-schema-graph\">{\"@context\":\"https:\/\/schema.org\",\"@graph\":[{\"@type\":\"WebPage\",\"@id\":\"https:\/\/elektroschulz.com\/?page_id=41\",\"url\":\"https:\/\/elektroschulz.com\/?page_id=41\",\"name\":\"\u00dcber uns - Elektro Schulz\",\"isPartOf\":{\"@id\":\"https:\/\/elektroschulz.com\/#website\"},\"datePublished\":\"2015-09-18T06:41:39+00:00\",\"dateModified\":\"2026-03-30T09:52:08+00:00\",\"description\":\"Kompetente Fachkr\u00e4fte, tolles Team und gute Beratung \u2013 Bei Elektro Schulz sind Sie richtig!\",\"breadcrumb\":{\"@id\":\"https:\/\/elektroschulz.com\/?page_id=41#breadcrumb\"},\"inLanguage\":\"de\",\"potentialAction\":[{\"@type\":\"ReadAction\",\"target\":[\"https:\/\/elektroschulz.com\/?page_id=41\"]}]},{\"@type\":\"BreadcrumbList\",\"@id\":\"https:\/\/elektroschulz.com\/?page_id=41#breadcrumb\",\"itemListElement\":[{\"@type\":\"ListItem\",\"position\":1,\"name\":\"Home\",\"item\":\"https:\/\/elektroschulz.com\/\"},{\"@type\":\"ListItem\",\"position\":2,\"name\":\"\u00dcber uns\"}]},{\"@type\":\"WebSite\",\"@id\":\"https:\/\/elektroschulz.com\/#website\",\"url\":\"https:\/\/elektroschulz.com\/\",\"name\":\"Elektro Schulz\",\"description\":\"\",\"publisher\":{\"@id\":\"https:\/\/elektroschulz.com\/#organization\"},\"potentialAction\":[{\"@type\":\"SearchAction\",\"target\":{\"@type\":\"EntryPoint\",\"urlTemplate\":\"https:\/\/elektroschulz.com\/?s={search_term_string}\"},\"query-input\":\"required name=search_term_string\"}],\"inLanguage\":\"de\"},{\"@type\":\"Organization\",\"@id\":\"https:\/\/elektroschulz.com\/#organization\",\"name\":\"Elektro Schulz\",\"url\":\"https:\/\/elektroschulz.com\/\",\"logo\":{\"@type\":\"ImageObject\",\"inLanguage\":\"de\",\"@id\":\"https:\/\/elektroschulz.com\/#\/schema\/logo\/image\/\",\"url\":\"https:\/\/elektroschulz.com\/wp-content\/uploads\/2015\/09\/elektro-schulz_logo.png\",\"contentUrl\":\"https:\/\/elektroschulz.com\/wp-content\/uploads\/2015\/09\/elektro-schulz_logo.png\",\"width\":400,\"height\":119,\"caption\":\"Elektro Schulz\"},\"image\":{\"@id\":\"https:\/\/elektroschulz.com\/#\/schema\/logo\/image\/\"}}]}<\/script>\n<!-- \/ Yoast SEO plugin. -->","yoast_head_json":{"title":"\u00dcber uns - Elektro Schulz","description":"Kompetente Fachkr\u00e4fte, tolles Team und gute Beratung \u2013 Bei Elektro Schulz sind Sie richtig!","robots":{"index":"index","follow":"follow","max-snippet":"max-snippet:-1","max-image-preview":"max-image-preview:large","max-video-preview":"max-video-preview:-1"},"canonical":"https:\/\/elektroschulz.com\/?page_id=41","og_locale":"de_DE","og_type":"article","og_title":"\u00dcber uns - Elektro Schulz","og_description":"Kompetente Fachkr\u00e4fte, tolles Team und gute Beratung \u2013 Bei Elektro Schulz sind Sie richtig!","og_url":"https:\/\/elektroschulz.com\/?page_id=41","og_site_name":"Elektro Schulz","article_modified_time":"2026-03-30T09:52:08+00:00","twitter_card":"summary_large_image","twitter_misc":{"Gesch\u00e4tzte Lesezeit":"2\u00a0Minuten"},"schema":{"@context":"https:\/\/schema.org","@graph":[{"@type":"WebPage","@id":"https:\/\/elektroschulz.com\/?page_id=41","url":"https:\/\/elektroschulz.com\/?page_id=41","name":"\u00dcber uns - Elektro Schulz","isPartOf":{"@id":"https:\/\/elektroschulz.com\/#website"},"datePublished":"2015-09-18T06:41:39+00:00","dateModified":"2026-03-30T09:52:08+00:00","description":"Kompetente Fachkr\u00e4fte, tolles Team und gute Beratung \u2013 Bei Elektro Schulz sind Sie richtig!","breadcrumb":{"@id":"https:\/\/elektroschulz.com\/?page_id=41#breadcrumb"},"inLanguage":"de","potentialAction":[{"@type":"ReadAction","target":["https:\/\/elektroschulz.com\/?page_id=41"]}]},{"@type":"BreadcrumbList","@id":"https:\/\/elektroschulz.com\/?page_id=41#breadcrumb","itemListElement":[{"@type":"ListItem","position":1,"name":"Home","item":"https:\/\/elektroschulz.com\/"},{"@type":"ListItem","position":2,"name":"\u00dcber uns"}]},{"@type":"WebSite","@id":"https:\/\/elektroschulz.com\/#website","url":"https:\/\/elektroschulz.com\/","name":"Elektro Schulz","description":"","publisher":{"@id":"https:\/\/elektroschulz.com\/#organization"},"potentialAction":[{"@type":"SearchAction","target":{"@type":"EntryPoint","urlTemplate":"https:\/\/elektroschulz.com\/?s={search_term_string}"},"query-input":"required name=search_term_string"}],"inLanguage":"de"},{"@type":"Organization","@id":"https:\/\/elektroschulz.com\/#organization","name":"Elektro Schulz","url":"https:\/\/elektroschulz.com\/","logo":{"@type":"ImageObject","inLanguage":"de","@id":"https:\/\/elektroschulz.com\/#\/schema\/logo\/image\/","url":"https:\/\/elektroschulz.com\/wp-content\/uploads\/2015\/09\/elektro-schulz_logo.png","contentUrl":"https:\/\/elektroschulz.com\/wp-content\/uploads\/2015\/09\/elektro-schulz_logo.png","width":400,"height":119,"caption":"Elektro Schulz"},"image":{"@id":"https:\/\/elektroschulz.com\/#\/schema\/logo\/image\/"}}]}},"_links":{"self":[{"href":"https:\/\/elektroschulz.com\/index.php?rest_route=\/wp\/v2\/pages\/41"}],"collection":[{"href":"https:\/\/elektroschulz.com\/index.php?rest_route=\/wp\/v2\/pages"}],"about":[{"href":"https:\/\/elektroschulz.com\/index.php?rest_route=\/wp\/v2\/types\/page"}],"author":[{"embeddable":true,"href":"https:\/\/elektroschulz.com\/index.php?rest_route=\/wp\/v2\/users\/1"}],"replies":[{"embeddable":true,"href":"https:\/\/elektroschulz.com\/index.php?rest_route=%2Fwp%2Fv2%2Fcomments&post=41"}],"version-history":[{"count":50,"href":"https:\/\/elektroschulz.com\/index.php?rest_route=\/wp\/v2\/pages\/41\/revisions"}],"predecessor-version":[{"id":901,"href":"https:\/\/elektroschulz.com\/index.php?rest_route=\/wp\/v2\/pages\/41\/revisions\/901"}],"wp:attachment":[{"href":"https:\/\/elektroschulz.com\/index.php?rest_route=%2Fwp%2Fv2%2Fmedia&parent=41"}],"curies":[{"name":"wp","href":"https:\/\/api.w.org\/{rel}","templated":true}]}}